{"id":1703,"date":"2020-06-09T10:18:56","date_gmt":"2020-06-09T10:18:56","guid":{"rendered":"https:\/\/mindspaceconferences.com\/geriatrics\/?page_id=1703"},"modified":"2025-05-05T06:21:39","modified_gmt":"2025-05-05T06:21:39","slug":"committee-members","status":"publish","type":"page","link":"https:\/\/mindspaceconferences.com\/geriatrics\/committee-members\/","title":{"rendered":"Committee Members"},"content":{"rendered":"<p>[et_pb_section bb_built=&#8221;1&#8243; next_background_color=&#8221;#ffffff&#8221; _builder_version=&#8221;3.19.18&#8243; use_background_color_gradient=&#8221;on&#8221; background_color_gradient_end=&#8221;#3368c6&#8243; custom_padding=&#8221;20px|0px|20px|0px&#8221; bottom_divider_style=&#8221;arrow&#8221; bottom_divider_color=&#8221;#ffffff&#8221; bottom_divider_height=&#8221;50px&#8221; locked=&#8221;off&#8221;][et_pb_row custom_padding=&#8221;0|0px|5px|0px|false|false&#8221; _builder_version=&#8221;3.19.18&#8243; parent_locked=&#8221;off&#8221;][et_pb_column type=&#8221;4_4&#8243;][et_pb_text _builder_version=&#8221;3.19.18&#8243; text_text_color=&#8221;#0c71c3&#8243; header_2_font=&#8221;|600|||||||&#8221; header_2_text_align=&#8221;center&#8221; header_2_text_color=&#8221;#ffffff&#8221; header_2_font_size=&#8221;28px&#8221; parent_locked=&#8221;off&#8221;]<\/p>\n<h2>Organizing Committee<\/h2>\n<p>[\/et_pb_text][\/et_pb_column][\/et_pb_row][et_pb_row _builder_version=&#8221;3.19.18&#8243; parent_locked=&#8221;off&#8221;][et_pb_column type=&#8221;4_4&#8243;][et_pb_text _builder_version=&#8221;3.19.18&#8243; _dynamic_attributes=&#8221;content&#8221; text_text_color=&#8221;#ffffff&#8221; link_text_align=&#8221;right&#8221; link_text_color=&#8221;#ffffff&#8221; header_text_align=&#8221;center&#8221; header_text_color=&#8221;#0c71c3&#8243; link_option_url=&#8221;https:\/\/mindspaceconferences.com\/geriatrics\/&#8221; custom_css_main_element=&#8221;text-align: center;||&#8221; locked=&#8221;off&#8221; parent_locked=&#8221;off&#8221;]<\/p>\n<p><strong><a href=\"https:\/\/mindspaceconferences.com\/geriatrics\/\" aria-current=\"page\">Home<\/a><span style=\"color: #ffffff;\"> \u2192<\/span> <span style=\"color: #ffffff;\">Committee Members<\/span><\/strong><\/p>\n<p>[\/et_pb_text][\/et_pb_column][\/et_pb_row][\/et_pb_section][et_pb_section bb_built=&#8221;1&#8243; _builder_version=&#8221;3.19.18&#8243; custom_padding=&#8221;40px|0px|0px|0px&#8221; prev_background_color=&#8221;#000000&#8243;][et_pb_row custom_padding=&#8221;26.9688px|0px|0|0px|false|false&#8221; _builder_version=&#8221;3.19.18&#8243;][et_pb_column type=&#8221;4_4&#8243;][et_pb_text _builder_version=&#8221;3.19.18&#8243;]<\/p>\n  \n     <div class=\"container text-center\" style=\"max-width: 920px;\">\n     <div class=\"row\">  \n\n    \n         \n        \n                                   \n\n             <div class =\"col-lg-3\" style=\"margin-bottom: 50px;\">\n             \n             <div class=\"image-container thumbnail\">\n              <img decoding=\"async\" class=\"\" src=\"https:\/\/mindspaceconferences.com\/geriatrics\/wp-content\/uploads\/2025\/03\/Guido-Sireci-1.jpg\" alt=\"\" \/>\n                             <div class=\"overlay\">\n                 <div class=\"text\">\n                     <a class=\"btn btn-primary btn-sm btn-block\" data-toggle=\"modal\" data-target=\"#5496\"> View Profile<\/a>\n                 <\/div>\n               <\/div>\n               <div class=\"thumbnail-caption committe-text text-center\">  \n                <p class=\"c-title\">Guido Sireci<\/p>\n                <p class=\"c-coun\">Italy<\/p>\n             <\/div>\n             <\/div>\n             \n    \n             <\/div>\n             <div id=\"5496\" class=\"modal fade\" role=\"dialog\" >\n               <div class=\"modal-dialog\" >\n                 <!-- Modal content-->\n                 <div class=\"modal-content\">\n                   <div class=\"modal-header\">\n                    <div class=\"row\">\n                        <div class=\"col-lg-3\">\n                            <img decoding=\"async\" class=\"thumbnail\" src=\"https:\/\/mindspaceconferences.com\/geriatrics\/wp-content\/uploads\/2025\/03\/Guido-Sireci-1.jpg\" alt=\"\" \/>\n                        <\/div>\n                        <div class=\"col-lg-9\">\n                            <h5><span class=\"modal-title-heading\">Name <\/span> : Guido Sireci<\/h5>\n                            <h5><span class=\"modal-title-heading\">University <\/span> : University of Palermo<\/h5>\n                            <h5><span class=\"modal-title-heading\">Country <\/span> : Italy<\/h5>\n                        <\/div>\n                    <\/div>\n                   <\/div>\n                   <div class=\"modal-body\" style=\"background: #fff;\">\n                        <p>Dr. Guido Sireci, born on September 19, 1957, is a distinguished immunologist and academic. He served at the University Hospital of Palermo from 1986 until 2024, contributing significantly to the fields of immunology and general pathology. Over the course of his career, Dr. Sireci published 110 scientific papers and achieved an H-index of 35, reflecting the impactful nature of his research. Among his accolades, he received the Best Abstract Award at the EFI Meeting in Montpellier in 1989 and was honored with a Lifetime Achievement Award at the Zurich Meeting held from November 24\u201326, 2024. Until November 2024, he held the position of Professor of Immunology and General Pathology at the University of Palermo. In addition to his academic career, Dr. Sireci also worked as a senior technician at the Wellcome Research Laboratories and served as a visiting scientist at Hammersmith Hospital in London in 1996.<\/p>\n                   <\/div>\n                   <div class=\"modal-footer\">\n                       <button type=\"button\" class=\"btn btn-warning\" data-dismiss=\"modal\">Close<\/button>\n                     <\/div>\n                 <\/div>\n               <\/div>\n             <\/div>\n                        \n                                   \n\n             <div class =\"col-lg-3\" style=\"margin-bottom: 50px;\">\n             \n             <div class=\"image-container thumbnail\">\n              <img decoding=\"async\" class=\"\" src=\"https:\/\/mindspaceconferences.com\/geriatrics\/wp-content\/uploads\/2024\/11\/Maria-Covadonga-Vazquez-Sanchez.png\" alt=\"\" \/>\n                             <div class=\"overlay\">\n                 <div class=\"text\">\n                     <a class=\"btn btn-primary btn-sm btn-block\" data-toggle=\"modal\" data-target=\"#5406\"> View Profile<\/a>\n                 <\/div>\n               <\/div>\n               <div class=\"thumbnail-caption committe-text text-center\">  \n                <p class=\"c-title\">Mar\u00eda Covadonga V\u00e1zquez-S\u00e1nchez<\/p>\n                <p class=\"c-coun\">Spain <\/p>\n             <\/div>\n             <\/div>\n             \n    \n             <\/div>\n             <div id=\"5406\" class=\"modal fade\" role=\"dialog\" >\n               <div class=\"modal-dialog\" >\n                 <!-- Modal content-->\n                 <div class=\"modal-content\">\n                   <div class=\"modal-header\">\n                    <div class=\"row\">\n                        <div class=\"col-lg-3\">\n                            <img decoding=\"async\" class=\"thumbnail\" src=\"https:\/\/mindspaceconferences.com\/geriatrics\/wp-content\/uploads\/2024\/11\/Maria-Covadonga-Vazquez-Sanchez.png\" alt=\"\" \/>\n                        <\/div>\n                        <div class=\"col-lg-9\">\n                            <h5><span class=\"modal-title-heading\">Name <\/span> : Mar\u00eda Covadonga V\u00e1zquez-S\u00e1nchez<\/h5>\n                            <h5><span class=\"modal-title-heading\">University <\/span> : University of Santiago de Compostela<\/h5>\n                            <h5><span class=\"modal-title-heading\">Country <\/span> : Spain <\/h5>\n                        <\/div>\n                    <\/div>\n                   <\/div>\n                   <div class=\"modal-body\" style=\"background: #fff;\">\n                        <p>Dr. Mar\u00eda Covadonga V\u00e1zquez-S\u00e1nchez is an Assistant Lecturer in Optometry at the University of Santiago de Compostela (Spain). She holds a Doctorate in Vision Sciences from the same university. Her research focuses on the study of visual and auditory dysfunctions in the elderly, with a particular emphasis on dual sensory loss. She has published several articles on this topic and presented papers at international scientific conferences. Currently, she conducts her research in nursing homes and institutions that provide comprehensive and specialized care for elderly individuals with dementia. She has also coordinated several educational innovation projects in service-learning, aimed at delivering visual and auditory care services to highly vulnerable elderly populations.<\/p>\n                   <\/div>\n                   <div class=\"modal-footer\">\n                       <button type=\"button\" class=\"btn btn-warning\" data-dismiss=\"modal\">Close<\/button>\n                     <\/div>\n                 <\/div>\n               <\/div>\n             <\/div>\n                        \n                 <\/div>\n                   \n    <\/div>     \n\n    <script>\n        function setModalMaxHeight(element) {\n          this.$element     = $(element);  \n          this.$content     = this.$element.find('.modal-content');\n          var borderWidth   = this.$content.outerHeight() - this.$content.innerHeight();\n          var dialogMargin  = $(window).width() < 768 ? 20 : 60;\n          var contentHeight = $(window).height() - (dialogMargin + borderWidth);\n          var headerHeight  = this.$element.find('.modal-header').outerHeight() || 0;\n          var footerHeight  = this.$element.find('.modal-footer').outerHeight() || 0;\n          var maxHeight     = contentHeight - (headerHeight + footerHeight);\n\n          this.$content.css({\n              'overflow': 'hidden'\n          });\n          \n          this.$element\n            .find('.modal-body').css({\n              'max-height': maxHeight,\n              'overflow-y': 'auto'\n          });\n        }\n\n        $('.modal').on('show.bs.modal', function() {\n          $(this).show();\n          setModalMaxHeight(this);\n        });\n\n        $(window).resize(function() {\n          if ($('.modal.in').length != 0) {\n            setModalMaxHeight($('.modal.in'));\n          }\n        });\n    <\/script>\n\n    <script>\n        $(document).on('show.bs.modal', '.modal', function () {\n          $(this).appendTo('body');\n        });\n    <\/script>  \n\n\n<p>[\/et_pb_text][\/et_pb_column][\/et_pb_row][\/et_pb_section]<\/p>\n","protected":false},"excerpt":{"rendered":"<p>This will be one of the Best Geriatrics Conference, so register now and confirm your attendance<\/p>\n","protected":false},"author":1,"featured_media":0,"parent":0,"menu_order":0,"comment_status":"closed","ping_status":"closed","template":"","meta":{"_acf_changed":false,"_et_pb_use_builder":"on","_et_pb_old_content":"","footnotes":"","_links_to":"","_links_to_target":""},"class_list":["post-1703","page","type-page","status-publish","hentry"],"acf":[],"yoast_head":"<!-- This site is optimized with the Yoast SEO plugin v23.9 - https:\/\/yoast.com\/wordpress\/plugins\/seo\/ -->\n<title>Committee-Members | Geriatrics Conference | Geriatric Medicine Congress | Geriatric Syndromes Symposium | Interdisciplinary | Sleep Disorders |Palliative Care |Mindspace Event<\/title>\n<meta name=\"description\" content=\"This will be one of the Best Geriatrics Conference, so register now and confirm your attendance for the International Conference on Geriatrics and Gerontology, May 11-13, 2026 in Kuala Lumpur, Malaysia.\" \/>\n<meta name=\"robots\" content=\"index, follow, max-snippet:-1, max-image-preview:large, max-video-preview:-1\" \/>\n<link rel=\"canonical\" href=\"https:\/\/mindspaceconferences.com\/geriatrics\/committee-members\/\" \/>\n<meta property=\"og:locale\" content=\"en_US\" \/>\n<meta property=\"og:type\" content=\"article\" \/>\n<meta property=\"og:title\" content=\"Committee-Members | Geriatrics Conference | Geriatric Medicine Congress | Geriatric Syndromes Symposium | Interdisciplinary | Sleep Disorders |Palliative Care |Mindspace Event\" \/>\n<meta property=\"og:description\" content=\"This will be one of the Best Geriatrics Conference, so register now and confirm your attendance for the International Conference on Geriatrics and Gerontology, May 11-13, 2026 in Kuala Lumpur, Malaysia.\" \/>\n<meta property=\"og:url\" content=\"https:\/\/mindspaceconferences.com\/geriatrics\/committee-members\/\" \/>\n<meta property=\"og:site_name\" content=\"Conference on Geriatrics and Gerontology\" \/>\n<meta property=\"article:modified_time\" content=\"2025-05-05T06:21:39+00:00\" \/>\n<meta name=\"twitter:card\" content=\"summary_large_image\" \/>\n<meta name=\"twitter:label1\" content=\"Est. reading time\" \/>\n\t<meta name=\"twitter:data1\" content=\"3 minutes\" \/>\n<script type=\"application\/ld+json\" class=\"yoast-schema-graph\">{\"@context\":\"https:\/\/schema.org\",\"@graph\":[{\"@type\":\"WebPage\",\"@id\":\"https:\/\/mindspaceconferences.com\/geriatrics\/committee-members\/\",\"url\":\"https:\/\/mindspaceconferences.com\/geriatrics\/committee-members\/\",\"name\":\"Committee-Members | Geriatrics Conference | Geriatric Medicine Congress | Geriatric Syndromes Symposium | Interdisciplinary | Sleep Disorders |Palliative Care |Mindspace Event\",\"isPartOf\":{\"@id\":\"https:\/\/mindspaceconferences.com\/geriatrics\/#website\"},\"datePublished\":\"2020-06-09T10:18:56+00:00\",\"dateModified\":\"2025-05-05T06:21:39+00:00\",\"description\":\"This will be one of the Best Geriatrics Conference, so register now and confirm your attendance for the International Conference on Geriatrics and Gerontology, May 11-13, 2026 in Kuala Lumpur, Malaysia.\",\"breadcrumb\":{\"@id\":\"https:\/\/mindspaceconferences.com\/geriatrics\/committee-members\/#breadcrumb\"},\"inLanguage\":\"en-US\",\"potentialAction\":[{\"@type\":\"ReadAction\",\"target\":[\"https:\/\/mindspaceconferences.com\/geriatrics\/committee-members\/\"]}]},{\"@type\":\"BreadcrumbList\",\"@id\":\"https:\/\/mindspaceconferences.com\/geriatrics\/committee-members\/#breadcrumb\",\"itemListElement\":[{\"@type\":\"ListItem\",\"position\":1,\"name\":\"Home\",\"item\":\"https:\/\/mindspaceconferences.com\/geriatrics\/\"},{\"@type\":\"ListItem\",\"position\":2,\"name\":\"Committee Members\"}]},{\"@type\":\"WebSite\",\"@id\":\"https:\/\/mindspaceconferences.com\/geriatrics\/#website\",\"url\":\"https:\/\/mindspaceconferences.com\/geriatrics\/\",\"name\":\"Conference on Geriatrics and Gerontology\",\"description\":\"\",\"potentialAction\":[{\"@type\":\"SearchAction\",\"target\":{\"@type\":\"EntryPoint\",\"urlTemplate\":\"https:\/\/mindspaceconferences.com\/geriatrics\/?s={search_term_string}\"},\"query-input\":{\"@type\":\"PropertyValueSpecification\",\"valueRequired\":true,\"valueName\":\"search_term_string\"}}],\"inLanguage\":\"en-US\"}]}<\/script>\n<!-- \/ Yoast SEO plugin. -->","yoast_head_json":{"title":"Committee-Members | Geriatrics Conference | Geriatric Medicine Congress | Geriatric Syndromes Symposium | Interdisciplinary | Sleep Disorders |Palliative Care |Mindspace Event","description":"This will be one of the Best Geriatrics Conference, so register now and confirm your attendance for the International Conference on Geriatrics and Gerontology, May 11-13, 2026 in Kuala Lumpur, Malaysia.","robots":{"index":"index","follow":"follow","max-snippet":"max-snippet:-1","max-image-preview":"max-image-preview:large","max-video-preview":"max-video-preview:-1"},"canonical":"https:\/\/mindspaceconferences.com\/geriatrics\/committee-members\/","og_locale":"en_US","og_type":"article","og_title":"Committee-Members | Geriatrics Conference | Geriatric Medicine Congress | Geriatric Syndromes Symposium | Interdisciplinary | Sleep Disorders |Palliative Care |Mindspace Event","og_description":"This will be one of the Best Geriatrics Conference, so register now and confirm your attendance for the International Conference on Geriatrics and Gerontology, May 11-13, 2026 in Kuala Lumpur, Malaysia.","og_url":"https:\/\/mindspaceconferences.com\/geriatrics\/committee-members\/","og_site_name":"Conference on Geriatrics and Gerontology","article_modified_time":"2025-05-05T06:21:39+00:00","twitter_card":"summary_large_image","twitter_misc":{"Est. reading time":"3 minutes"},"schema":{"@context":"https:\/\/schema.org","@graph":[{"@type":"WebPage","@id":"https:\/\/mindspaceconferences.com\/geriatrics\/committee-members\/","url":"https:\/\/mindspaceconferences.com\/geriatrics\/committee-members\/","name":"Committee-Members | Geriatrics Conference | Geriatric Medicine Congress | Geriatric Syndromes Symposium | Interdisciplinary | Sleep Disorders |Palliative Care |Mindspace Event","isPartOf":{"@id":"https:\/\/mindspaceconferences.com\/geriatrics\/#website"},"datePublished":"2020-06-09T10:18:56+00:00","dateModified":"2025-05-05T06:21:39+00:00","description":"This will be one of the Best Geriatrics Conference, so register now and confirm your attendance for the International Conference on Geriatrics and Gerontology, May 11-13, 2026 in Kuala Lumpur, Malaysia.","breadcrumb":{"@id":"https:\/\/mindspaceconferences.com\/geriatrics\/committee-members\/#breadcrumb"},"inLanguage":"en-US","potentialAction":[{"@type":"ReadAction","target":["https:\/\/mindspaceconferences.com\/geriatrics\/committee-members\/"]}]},{"@type":"BreadcrumbList","@id":"https:\/\/mindspaceconferences.com\/geriatrics\/committee-members\/#breadcrumb","itemListElement":[{"@type":"ListItem","position":1,"name":"Home","item":"https:\/\/mindspaceconferences.com\/geriatrics\/"},{"@type":"ListItem","position":2,"name":"Committee Members"}]},{"@type":"WebSite","@id":"https:\/\/mindspaceconferences.com\/geriatrics\/#website","url":"https:\/\/mindspaceconferences.com\/geriatrics\/","name":"Conference on Geriatrics and Gerontology","description":"","potentialAction":[{"@type":"SearchAction","target":{"@type":"EntryPoint","urlTemplate":"https:\/\/mindspaceconferences.com\/geriatrics\/?s={search_term_string}"},"query-input":{"@type":"PropertyValueSpecification","valueRequired":true,"valueName":"search_term_string"}}],"inLanguage":"en-US"}]}},"_links":{"self":[{"href":"https:\/\/mindspaceconferences.com\/geriatrics\/wp-json\/wp\/v2\/pages\/1703","targetHints":{"allow":["GET"]}}],"collection":[{"href":"https:\/\/mindspaceconferences.com\/geriatrics\/wp-json\/wp\/v2\/pages"}],"about":[{"href":"https:\/\/mindspaceconferences.com\/geriatrics\/wp-json\/wp\/v2\/types\/page"}],"author":[{"embeddable":true,"href":"https:\/\/mindspaceconferences.com\/geriatrics\/wp-json\/wp\/v2\/users\/1"}],"replies":[{"embeddable":true,"href":"https:\/\/mindspaceconferences.com\/geriatrics\/wp-json\/wp\/v2\/comments?post=1703"}],"version-history":[{"count":7,"href":"https:\/\/mindspaceconferences.com\/geriatrics\/wp-json\/wp\/v2\/pages\/1703\/revisions"}],"predecessor-version":[{"id":5542,"href":"https:\/\/mindspaceconferences.com\/geriatrics\/wp-json\/wp\/v2\/pages\/1703\/revisions\/5542"}],"wp:attachment":[{"href":"https:\/\/mindspaceconferences.com\/geriatrics\/wp-json\/wp\/v2\/media?parent=1703"}],"curies":[{"name":"wp","href":"https:\/\/api.w.org\/{rel}","templated":true}]}}